
{"id":119838,"date":"2026-03-31T09:12:25","date_gmt":"2026-03-31T08:12:25","guid":{"rendered":"https:\/\/smeclimatehub.org\/?page_id=119838"},"modified":"2026-04-17T15:18:27","modified_gmt":"2026-04-17T14:18:27","slug":"elaborer-un-plan-daction-climatique","status":"publish","type":"page","link":"https:\/\/smeclimatehub.org\/fr\/elaborer-un-plan-daction-climatique\/","title":{"rendered":"\u00c9laborer un plan d&rsquo;action climatique"},"content":{"rendered":"<section id=\"block-69c6699813a43\"  class=\"hero-section align-content-top secondary-bg none\">\n\t<div class=\"container\">\n\n\t\t<div class=\"content\">\n\t\t\t<div class=\"text\">\n\n\t\t\t\t<div class=\"acf-innerblocks-container\">\n\n<h1 class=\"wp-block-heading\">\u00c9laborer un plan d&rsquo;action climatique<\/h1>\n\n\n\n<p>Notre outil gratuit \u00ab Climate Action Planner \u00bb identifie les mesures concr\u00e8tes que votre entreprise peut mettre en \u0153uvre pour r\u00e9duire ses \u00e9missions, diminuer ses co\u00fbts et renforcer sa r\u00e9silience.<\/p>\n\n<\/div>\t\t\t\t<div style=\"display: flex; align-items: center; justify-content: start; gap: 5px; flex-wrap: wrap;\">\n\t\t\t\t\t\t\t\t\t\t\t\t\t\t\t\t\t\t\t\t\t\t\t\t\t\n\t\t\t\t\t\n\t\t\t\t\t\t\t\t\t<\/div>\n\t\t\t<\/div>\n\n\t\t\t\t\t\t\t\t\t\t<div class=\"image\">\n\t\t\t\t\t<img fetchpriority=\"high\" decoding=\"async\" width=\"435\" height=\"435\" src=\"https:\/\/smeclimatehub.org\/wp-content\/uploads\/2026\/03\/actionplanner-1.png\" class=\"attachment-full size-full\" alt=\"\" loading=\"eager\" srcset=\"https:\/\/smeclimatehub.org\/wp-content\/uploads\/2026\/03\/actionplanner-1.png 435w, https:\/\/smeclimatehub.org\/wp-content\/uploads\/2026\/03\/actionplanner-1-300x300.png 300w, https:\/\/smeclimatehub.org\/wp-content\/uploads\/2026\/03\/actionplanner-1-150x150.png 150w\" sizes=\"(max-width: 435px) 100vw, 435px\" \/>\t\t\t\t<\/div>\n\t\t\t\t\t\t\t\t<\/div>\n\t<\/div>\n<\/section>\n\n\n\n<section id=\"block-69c6699817444\"  class=\"text-attachment-section no-pb content-block transparent white right-side heading-center row pt-full pb-full default\">\n\t<div class=\"container\">\n\t\t<div class=\"content-block\">\n\t\t\t\t\t\t\t\t\t\t\t\t\t\t\t\t\t\t\t\t\t\t\t\t\t\t\t\t\n\t\t\t\t\t\t<div class=\"text\">\n\t\t\t\t\t\t\t<h2>\u00c0 propos du \u00ab Climate Action Planner \u00bb<\/h2>\n<p>Un plan d&rsquo;action climatique d\u00e9finit la mani\u00e8re dont une organisation compte r\u00e9duire ses \u00e9missions de gaz \u00e0 effet de serre et se pr\u00e9parer aux cons\u00e9quences du changement climatique.<\/p>\n<p>En puisant dans une biblioth\u00e8que de plus de 750 actions, cet outil \u00e9labore un plan d&rsquo;action climatique personnalis\u00e9 en environ 60 minutes. Il est gratuit et s&rsquo;int\u00e8gre \u00e0 nos autres outils. Voici ce que vous obtiendrez :<\/p>\n<ul style=\"list-style: disc; margin-left: 32px;\">\n<li><strong>Recommandations personnalis\u00e9es:<\/strong> Une s\u00e9rie de mesures sp\u00e9cialement con\u00e7ues pour votre secteur d&rsquo;activit\u00e9 et vos objectifs commerciaux, et non des conseils g\u00e9n\u00e9riques et standardis\u00e9s.<\/li>\n<li><strong>Guide de mise en \u0153uvre:<\/strong> Des informations claires sur la mani\u00e8re de mettre ces mesures en pratique, y compris leur justification \u00e9conomique et leur impact potentiel sur votre organisation.<\/li>\n<li><strong>Feuille de route interactive et \u00e9volutive:<\/strong> Une feuille de route en mati\u00e8re de d\u00e9veloppement durable adapt\u00e9e aux priorit\u00e9s et aux contraintes de votre entreprise, qui vous permet de suivre vos progr\u00e8s et de maintenir le cap.<\/li>\n<\/ul>\n<div style=\"text-align: center; margin-bottom: 1.5rem;\"><a class=\"button\" target=\"_blank\" href=\"https:\/\/actionplanner.smeclimatehub.org\">Acc\u00e9der au \u00ab Climate Action Planner \u00bb<\/a><\/div>\n<div style=\"text-align: center;\"><img loading=\"lazy\" decoding=\"async\" class=\"size-medium wp-image-53963 aligncenter\" src=\"https:\/\/smeclimatehub.org\/wp-content\/uploads\/2026\/03\/smech_mobile_logo.svg\" alt=\"\" width=\"300\" height=\"44\" \/><\/div>\n\t\t\t\t\t\t<\/div>\n\t\t\t\t\t\n\t\t\t\t\t\t\t\t\t\t<div class=\"content\">\n\t\t\t\t<div class=\"text\">\n\t\t\t\t\t\t\t\t\t\t\t\t\t\t\t\t\t\t\t\t\t\t\t<div class=\"acf-innerblocks-container\"><\/div>\t\t\t\t<\/div>\n\n\t\t\t<\/div>\n\t\t\t\t\t<\/div>\n\t<\/div>\n<\/section>\n\n<section id=\"block-69c669981d144\"  class=\"calculating-blocks-section content-block transparent white heading-center pt-full pb-full row-3\">\n\t<div class=\"container\">\n\t\t<div class=\"content-block\">\n\t\t\t\t\t\t\t<h2 class=\"title-section\">\n\t\t\t\t\tPourquoi \u00e9laborer un plan d&rsquo;action pour le climat?\t\t\t\t<\/h2>\n\t\t\t\t\t\t\t\t\t\t\t\t\t<div class=\"blocks\">\n\t\t\t\t\n\t\t\t\t\t\t\t\t\t\t\t<div class=\"block\">\n\t\t\t\t\t\t\t<div class=\"wrapper\">\n\t\t\t\t\t\t\t\t<div class=\"inner\">\n\t\t\t\t\t\t\t\t\t\t\t\t\t\t\t\t\t\t<div class=\"bottom\">\n\t\t\t\t\t\t\t\t\t\t\t\t\t\t\t\t\t\t\t\t\t<h3 class=\"title\">\n\t\t\t\t\t\t\t\t\t\t\t\tR\u00e9duisez votre empreinte \u00e9cologique\t\t\t\t\t\t\t\t\t\t\t<\/h3>\n\t\t\t\t\t\t\t\t\t\t\t\t\t\t\t\t\t\t\t\t\t\t\t\t\t\t\t\t\t\t\t<p>Identifiez les mesures les plus pertinentes que votre entreprise peut prendre pour r\u00e9duire ses \u00e9missions et fonctionner de mani\u00e8re plus durable. Cet outil vous propose des mesures concr\u00e8tes adapt\u00e9es \u00e0 votre entreprise.<\/p>\n\t\t\t\t\t\t\t\t\t\t\t\t\t\t\t\t\t\t\t\t\t\t\t\t\t\t\t\t\t<\/div>\n\t\t\t\t\t\t\t\t<\/div>\n\t\t\n\t\t\t\t\t\t\t<\/div>\n\t\t\t\t\t\t<\/div>\n\t\t\t\t\t\t\t\t\t\t\t<div class=\"block\">\n\t\t\t\t\t\t\t<div class=\"wrapper\">\n\t\t\t\t\t\t\t\t<div class=\"inner\">\n\t\t\t\t\t\t\t\t\t\t\t\t\t\t\t\t\t\t<div class=\"bottom\">\n\t\t\t\t\t\t\t\t\t\t\t\t\t\t\t\t\t\t\t\t\t<h3 class=\"title\">\n\t\t\t\t\t\t\t\t\t\t\t\tR\u00e9duisez vos co\u00fbts\t\t\t\t\t\t\t\t\t\t\t<\/h3>\n\t\t\t\t\t\t\t\t\t\t\t\t\t\t\t\t\t\t\t\t\t\t\t\t\t\t\t\t\t\t\t<p>De nombreuses mesures en faveur du climat permettent \u00e9galement de r\u00e9duire les co\u00fbts d&rsquo;exploitation. Cet outil identifie les opportunit\u00e9s susceptibles de g\u00e9n\u00e9rer des \u00e9conomies substantielles et explique la justification \u00e9conomique de chaque recommandation.<\/p>\n\t\t\t\t\t\t\t\t\t\t\t\t\t\t\t\t\t\t\t\t\t\t\t\t\t\t\t\t\t<\/div>\n\t\t\t\t\t\t\t\t<\/div>\n\t\t\n\t\t\t\t\t\t\t<\/div>\n\t\t\t\t\t\t<\/div>\n\t\t\t\t\t\t\t\t\t\t\t<div class=\"block\">\n\t\t\t\t\t\t\t<div class=\"wrapper\">\n\t\t\t\t\t\t\t\t<div class=\"inner\">\n\t\t\t\t\t\t\t\t\t\t\t\t\t\t\t\t\t\t<div class=\"bottom\">\n\t\t\t\t\t\t\t\t\t\t\t\t\t\t\t\t\t\t\t\t\t<h3 class=\"title\">\n\t\t\t\t\t\t\t\t\t\t\t\tRenforcer la r\u00e9silience de l&#039;entreprise\t\t\t\t\t\t\t\t\t\t\t<\/h3>\n\t\t\t\t\t\t\t\t\t\t\t\t\t\t\t\t\t\t\t\t\t\t\t\t\t\t\t\t\t\t\t<p>Pr\u00e9parez-vous aux risques li\u00e9s au climat, tels que les perturbations de la cha\u00eene d&rsquo;approvisionnement et les ph\u00e9nom\u00e8nes m\u00e9t\u00e9orologiques extr\u00eames, en mettant en place des mesures qui renforceront votre entreprise pour l&rsquo;avenir.<\/p>\n\t\t\t\t\t\t\t\t\t\t\t\t\t\t\t\t\t\t\t\t\t\t\t\t\t\t\t\t\t<\/div>\n\t\t\t\t\t\t\t\t<\/div>\n\t\t\n\t\t\t\t\t\t\t<\/div>\n\t\t\t\t\t\t<\/div>\n\t\t\t\t\t\t\n\t\t\t\t<\/div>\n\t\t\t\t\n\t\t\t\n\t\t\t<div class=\"button-wrapper\"><\/div>\n\t\t<\/div>\n\t<\/div>\n<\/section>\n\n\n<style>body .hero-section.start-measuring {margin-bottom:0px;} body .calculating-slider-section .slider-wrapper.no-image:after{background:none;} body .calculating-slider-section .slider-wrapper{right:0px;} body .calculating-slider-section .slider-wrapper.no-image{max-width:45%;} body .calculating-slider-section .content .blocks-wrapper{padding-right:120px;} @media (max-width: 992px){body .calculating-slider-section .slider-wrapper.no-image{max-width:100%;} body .calculating-slider-section .content .blocks-wrapper{padding-right:0px; width:100%;}}\nbody section.pt-110{\npadding-top:3.75rem;\n}\n.inspired-story-blocks-section{padding-bottom:0px !important;}\n.calculating-slider-section{padding-top:0px !important;}\n.no-pb{padding-bottom:0px !important;}\n<\/style>\n\n\n<style>\n.calculating-slider-section a{\n\tline-height: unset;\n}\n<\/style>\n<section id=\"block-69c6699820eac\"  data-target=\"calculating_slider\" class=\"calculating-slider-section transparent default heading-left pt-full pb-full\">\n\t<div class=\"container\">\n\t\t<div class=\"content-block\">\n\t\t\t\t\t\t\t<h2 class=\"title-section\">\n\t\t\t\t\tComment \u00e7a marche\t\t\t\t<\/h2>\n\t\t\t\t\t\t<div class=\"content\">\n\t\t\t\t<div class=\"blocks-wrapper\">\n\t\t\t\t\t\t\t\t\t\t\t<div data-target=\"scroll_wrapper\" class=\"scroll-wrapper\">\n\t\t\t\t\t\t\t<div class=\"scroll\"><\/div>\n\t\t\t\t\t\t<\/div>\n\t\t\t\t\t\t\t\t\t\t\t\t\t\t\t\t<div data-target=\"blocks_wrapper\" class=\"blocks\">\n\t\t\t\t\t\t\t\t\t\t\t\t\t\t\t<div class=\"block\">\n\t\t\t\t\t\t\t\t\t<div class=\"inner\">\n\t\t\t\t\t\t\t\t\t\t\t\t\t\t\t\t\t\t\t\t\t\t\t\t\t\t\t\t\t\t\t<h3 class=\"title\">\n\t\t\t\t\t\t\t\t\t\t\t\tAuto-\u00e9valuation\t\t\t\t\t\t\t\t\t\t\t<\/h3>\n\t\t\t\t\t\t\t\t\t\t\t\t\t\t\t\t\t\t\t\t\t\t\t\t\t\t\t\t\t\t\t<p>\n\t\t\t\t\t\t\t\t\t\t\t\tEn 5 \u00e0 7 minutes, cette analyse approfondie passe en revue tous les aspects, de votre consommation d&rsquo;\u00e9nergie et de vos cha\u00eenes d&rsquo;approvisionnement \u00e0 l&rsquo;engagement de vos employ\u00e9s et \u00e0 la gestion des d\u00e9chets, afin de vous fournir des recommandations adapt\u00e9es. Il n&rsquo;est pas n\u00e9cessaire d&rsquo;avoir d\u00e9j\u00e0 mesur\u00e9 vos \u00e9missions. \t\t\t\t\t\t\t\t\t\t\t<\/p>\n\t\t\t\t\t\t\t\t\t\t\t\t\t\t\t\t\t\t\t<\/div>\n\t\t\t\t\t\t\t\t<\/div>\n\t\t\t\t\t\t\t\t\t\t\t\t\t\t\t<div class=\"block\">\n\t\t\t\t\t\t\t\t\t<div class=\"inner\">\n\t\t\t\t\t\t\t\t\t\t\t\t\t\t\t\t\t\t\t\t\t\t\t\t\t\t\t\t\t\t\t<h3 class=\"title\">\n\t\t\t\t\t\t\t\t\t\t\t\tRecommandations issues de l&#039;\u00e9valuation\t\t\t\t\t\t\t\t\t\t\t<\/h3>\n\t\t\t\t\t\t\t\t\t\t\t\t\t\t\t\t\t\t\t\t\t\t\t\t\t\t\t\t\t\t\t<p>\n\t\t\t\t\t\t\t\t\t\t\t\tRecevez des recommandations adapt\u00e9es \u00e0 votre secteur, \u00e0 vos objectifs et \u00e0 vos principaux domaines d&rsquo;\u00e9missions. Consultez vos recommandations personnalis\u00e9es pour d\u00e9couvrir les mesures que vous pourriez mettre en \u0153uvre.\t\t\t\t\t\t\t\t\t\t\t<\/p>\n\t\t\t\t\t\t\t\t\t\t\t\t\t\t\t\t\t\t\t<\/div>\n\t\t\t\t\t\t\t\t<\/div>\n\t\t\t\t\t\t\t\t\t\t\t\t\t\t\t<div class=\"block\">\n\t\t\t\t\t\t\t\t\t<div class=\"inner\">\n\t\t\t\t\t\t\t\t\t\t\t\t\t\t\t\t\t\t\t\t\t\t\t\t\t\t\t\t\t\t\t<h3 class=\"title\">\n\t\t\t\t\t\t\t\t\t\t\t\tActions sur la liste de s\u00e9lection\t\t\t\t\t\t\t\t\t\t\t<\/h3>\n\t\t\t\t\t\t\t\t\t\t\t\t\t\t\t\t\t\t\t\t\t\t\t\t\t\t\t\t\t\t\t<p>\n\t\t\t\t\t\t\t\t\t\t\t\tComparez diff\u00e9rentes strat\u00e9gies, d\u00e9couvrez-en davantage sur chacune d&rsquo;entre elles et d\u00e9terminez celles qui correspondent le mieux aux capacit\u00e9s et au calendrier de votre organisation.\t\t\t\t\t\t\t\t\t\t\t<\/p>\n\t\t\t\t\t\t\t\t\t\t\t\t\t\t\t\t\t\t\t<\/div>\n\t\t\t\t\t\t\t\t<\/div>\n\t\t\t\t\t\t\t\t\t\t\t\t\t\t\t<div class=\"block\">\n\t\t\t\t\t\t\t\t\t<div class=\"inner\">\n\t\t\t\t\t\t\t\t\t\t\t\t\t\t\t\t\t\t\t\t\t\t\t\t\t\t\t\t\t\t\t<h3 class=\"title\">\n\t\t\t\t\t\t\t\t\t\t\t\tG\u00e9rer le forfait\t\t\t\t\t\t\t\t\t\t\t<\/h3>\n\t\t\t\t\t\t\t\t\t\t\t\t\t\t\t\t\t\t\t\t\t\t\t\t\t\t\t\t\t\t\t<p>\n\t\t\t\t\t\t\t\t\t\t\t\tPassez en revue votre plan d&rsquo;action personnalis\u00e9, suivez l&rsquo;avancement des t\u00e2ches et consultez les d\u00e9tails des actions \u00e0 venir avant de t\u00e9l\u00e9charger le rapport de votre plan.\t\t\t\t\t\t\t\t\t\t\t<\/p>\n\t\t\t\t\t\t\t\t\t\t\t\t\t\t\t\t\t\t\t<\/div>\n\t\t\t\t\t\t\t\t<\/div>\n\t\t\t\t\t\t\t\t\t\t\t\t\t\t\t\t\t\t\t\t<\/div>\n\t\t\t\t\t\t\t\t\t<\/div>\n\t\t\t<\/div>\n\t\t<\/div>\n\t<\/div>\n\t\t\t\t\t<div class=\"slider-wrapper no-image\">\n\t\t\t\t\t\t\t\n\t\t\t\t\t\t\t\t\t\t\t\t\t\t\t\t<div class=\"swiper slider\">\n\t\t\t\t\t\t\t<div class=\"swiper-wrapper\">\n\t\t\t\t\t\t\t\t\t\t\t\t\t\t\t\t\t<div class=\"swiper-slide slide\">\n\t\t\t\t\t\t\t\t\t\t<img decoding=\"async\" width=\"2560\" height=\"1660\" src=\"https:\/\/smeclimatehub.org\/wp-content\/uploads\/2026\/03\/SMECH-ScreenGrabs-Assessment-1-scaled.png\" class=\"attachment-full size-full\" alt=\"\" loading=\"lazy\" srcset=\"https:\/\/smeclimatehub.org\/wp-content\/uploads\/2026\/03\/SMECH-ScreenGrabs-Assessment-1-scaled.png 2560w, https:\/\/smeclimatehub.org\/wp-content\/uploads\/2026\/03\/SMECH-ScreenGrabs-Assessment-1-300x195.png 300w, https:\/\/smeclimatehub.org\/wp-content\/uploads\/2026\/03\/SMECH-ScreenGrabs-Assessment-1-1024x664.png 1024w, https:\/\/smeclimatehub.org\/wp-content\/uploads\/2026\/03\/SMECH-ScreenGrabs-Assessment-1-768x498.png 768w, https:\/\/smeclimatehub.org\/wp-content\/uploads\/2026\/03\/SMECH-ScreenGrabs-Assessment-1-1536x996.png 1536w, https:\/\/smeclimatehub.org\/wp-content\/uploads\/2026\/03\/SMECH-ScreenGrabs-Assessment-1-2048x1328.png 2048w\" sizes=\"auto, (max-width: 2560px) 100vw, 2560px\" \/>\t\t\t\t\t\t\t\t\t<\/div>\n\t\t\t\t\t\t\t\t\t\t\t\t\t\t\t\t\t<div class=\"swiper-slide slide\">\n\t\t\t\t\t\t\t\t\t\t<img decoding=\"async\" width=\"2560\" height=\"1660\" src=\"https:\/\/smeclimatehub.org\/wp-content\/uploads\/2026\/03\/SMECH-ScreenGrabs-Dashboard-1-scaled.png\" class=\"attachment-full size-full\" alt=\"\" loading=\"lazy\" srcset=\"https:\/\/smeclimatehub.org\/wp-content\/uploads\/2026\/03\/SMECH-ScreenGrabs-Dashboard-1-scaled.png 2560w, https:\/\/smeclimatehub.org\/wp-content\/uploads\/2026\/03\/SMECH-ScreenGrabs-Dashboard-1-300x195.png 300w, https:\/\/smeclimatehub.org\/wp-content\/uploads\/2026\/03\/SMECH-ScreenGrabs-Dashboard-1-1024x664.png 1024w, https:\/\/smeclimatehub.org\/wp-content\/uploads\/2026\/03\/SMECH-ScreenGrabs-Dashboard-1-768x498.png 768w, https:\/\/smeclimatehub.org\/wp-content\/uploads\/2026\/03\/SMECH-ScreenGrabs-Dashboard-1-1536x996.png 1536w, https:\/\/smeclimatehub.org\/wp-content\/uploads\/2026\/03\/SMECH-ScreenGrabs-Dashboard-1-2048x1328.png 2048w\" sizes=\"auto, (max-width: 2560px) 100vw, 2560px\" \/>\t\t\t\t\t\t\t\t\t<\/div>\n\t\t\t\t\t\t\t\t\t\t\t\t\t\t\t\t\t<div class=\"swiper-slide slide\">\n\t\t\t\t\t\t\t\t\t\t<img decoding=\"async\" width=\"2560\" height=\"1660\" src=\"https:\/\/smeclimatehub.org\/wp-content\/uploads\/2026\/03\/SMECH-ScreenGrabs-Plan-Builder-1-scaled.png\" class=\"attachment-full size-full\" alt=\"\" loading=\"lazy\" srcset=\"https:\/\/smeclimatehub.org\/wp-content\/uploads\/2026\/03\/SMECH-ScreenGrabs-Plan-Builder-1-scaled.png 2560w, https:\/\/smeclimatehub.org\/wp-content\/uploads\/2026\/03\/SMECH-ScreenGrabs-Plan-Builder-1-300x195.png 300w, https:\/\/smeclimatehub.org\/wp-content\/uploads\/2026\/03\/SMECH-ScreenGrabs-Plan-Builder-1-1024x664.png 1024w, https:\/\/smeclimatehub.org\/wp-content\/uploads\/2026\/03\/SMECH-ScreenGrabs-Plan-Builder-1-768x498.png 768w, https:\/\/smeclimatehub.org\/wp-content\/uploads\/2026\/03\/SMECH-ScreenGrabs-Plan-Builder-1-1536x996.png 1536w, https:\/\/smeclimatehub.org\/wp-content\/uploads\/2026\/03\/SMECH-ScreenGrabs-Plan-Builder-1-2048x1328.png 2048w\" sizes=\"auto, (max-width: 2560px) 100vw, 2560px\" \/>\t\t\t\t\t\t\t\t\t<\/div>\n\t\t\t\t\t\t\t\t\t\t\t\t\t\t\t\t\t<div class=\"swiper-slide slide\">\n\t\t\t\t\t\t\t\t\t\t<img decoding=\"async\" width=\"2560\" height=\"1660\" src=\"https:\/\/smeclimatehub.org\/wp-content\/uploads\/2026\/03\/SMECH-ScreenGrabs-PlanManager-1-scaled.png\" class=\"attachment-full size-full\" alt=\"\" loading=\"lazy\" srcset=\"https:\/\/smeclimatehub.org\/wp-content\/uploads\/2026\/03\/SMECH-ScreenGrabs-PlanManager-1-scaled.png 2560w, https:\/\/smeclimatehub.org\/wp-content\/uploads\/2026\/03\/SMECH-ScreenGrabs-PlanManager-1-300x195.png 300w, https:\/\/smeclimatehub.org\/wp-content\/uploads\/2026\/03\/SMECH-ScreenGrabs-PlanManager-1-1024x664.png 1024w, https:\/\/smeclimatehub.org\/wp-content\/uploads\/2026\/03\/SMECH-ScreenGrabs-PlanManager-1-768x498.png 768w, https:\/\/smeclimatehub.org\/wp-content\/uploads\/2026\/03\/SMECH-ScreenGrabs-PlanManager-1-1536x996.png 1536w, https:\/\/smeclimatehub.org\/wp-content\/uploads\/2026\/03\/SMECH-ScreenGrabs-PlanManager-1-2048x1328.png 2048w\" sizes=\"auto, (max-width: 2560px) 100vw, 2560px\" \/>\t\t\t\t\t\t\t\t\t<\/div>\n\t\t\t\t\t\t\t\t\t\t\t\t\t\t\t<\/div>\n\t\t\t\t\t\t<\/div>\n\t\t\t\t\t\t\t\t\t<\/div>\n<\/section>\n\n\n<section id=\"block-69c6699824dee\"  class=\"inspired-story-blocks-section content-block transparent white heading-center pt-full pb-full\">\n\t<div class=\"container\">\n\t\t<div class=\"content-block\">\n\t\t\t\t\t\t\t\t\t\t<div class=\"blocks inspired-swiper swiper\">\n\t\t\t\t\t<div class=\"swiper-wrapper\">\n\t\t\t\t\t\t\t\t\t\t\t<div class=\"block swiper-slide\">\n\t\t\t\t\t\t\t<figure class=\"inner\">\n\t<!-- \t\t<div class=\"star-rating-report\">\n            <span class=\"star\" data-value=\"1\"><\/span>\n            <span class=\"star\" data-value=\"2\"><\/span>\n            <span class=\"star\" data-value=\"3\"><\/span>\n            <span class=\"star\" data-value=\"4\"><\/span>\n            <span class=\"star\" data-value=\"5\"><\/span>\n        <\/div> -->\n\t\t\t\t\t\t\t\t\t\t\t\t\t\t\t\t\t<blockquote>\n\t\t\t\t\t\t\t\t\t\t<p>I&#039;m absolutely blown away.  We have been trying for years to set out a plan. Thank you so much. One of the best and most useful tools we have ever used.<\/p>\n\t\t\t\t\t\t\t\t\t<\/blockquote>\n\t\t\t\t\t\t\t\t\t\t\t\t\t\t\t\t<figcaption class=\"bottom\">\n\t\t\t\t\t\t\t\t\t\t\t\t\t\t\t\t\t\t<div class=\"text\">\n\t\t\t\t\t\t\t\t\t\t\t\t\t\t\t\t\t\t\t\t\t<h3 class=\"title\">\n\t\t\t\t\t\t\t\t\t\t\t\tDavid Matthews\u200b\t\t\t\t\t\t\t\t\t\t\t<\/h3>\n\t\t\t\t\t\t\t\t\t\t\t\t\t\t\t\t\t\t\t\t\t\t\t\t\t\t\t\t\t\t\t<p>\n\t\t\t\t\t\t\t\t\t\t\t\tRhubarb Seating, Commercial Seating company\u200b\t\t\t\t\t\t\t\t\t\t\t<\/p>\n\t\t\t\t\t\t\t\t\t\t\t\t\t\t\t\t\t\t\t<\/div>\n\t\t\t\t\t\t\t\t<\/figcaption>\n\t\t\t\t\t\t\t<\/figure>\n\t\t\t\t\t\t<\/div>\n\t\t\t\t\t\t\t\t\t\t\t<div class=\"block swiper-slide\">\n\t\t\t\t\t\t\t<figure class=\"inner\">\n\t<!-- \t\t<div class=\"star-rating-report\">\n            <span class=\"star\" data-value=\"1\"><\/span>\n            <span class=\"star\" data-value=\"2\"><\/span>\n            <span class=\"star\" data-value=\"3\"><\/span>\n            <span class=\"star\" data-value=\"4\"><\/span>\n            <span class=\"star\" data-value=\"5\"><\/span>\n        <\/div> -->\n\t\t\t\t\t\t\t\t\t\t\t\t\t\t\t\t\t<blockquote>\n\t\t\t\t\t\t\t\t\t\t<p>Giki Actions is incredibly intuitive and relevant. I&#039;ve already highlighted it to our Board and will continue using it regularly.\u200b\u200b<\/p>\n\t\t\t\t\t\t\t\t\t<\/blockquote>\n\t\t\t\t\t\t\t\t\t\t\t\t\t\t\t\t<figcaption class=\"bottom\">\n\t\t\t\t\t\t\t\t\t\t\t\t\t\t\t\t\t\t<div class=\"text\">\n\t\t\t\t\t\t\t\t\t\t\t\t\t\t\t\t\t\t\t\t\t<h3 class=\"title\">\n\t\t\t\t\t\t\t\t\t\t\t\tLesley Rowden\u200b\t\t\t\t\t\t\t\t\t\t\t<\/h3>\n\t\t\t\t\t\t\t\t\t\t\t\t\t\t\t\t\t\t\t\t\t\t\t\t\t\t\t\t\t\t\t<p>\n\t\t\t\t\t\t\t\t\t\t\t\tHead of Operations\u200b\u200b, Rose Theatre\u200b\u200b\t\t\t\t\t\t\t\t\t\t\t<\/p>\n\t\t\t\t\t\t\t\t\t\t\t\t\t\t\t\t\t\t\t<\/div>\n\t\t\t\t\t\t\t\t<\/figcaption>\n\t\t\t\t\t\t\t<\/figure>\n\t\t\t\t\t\t<\/div>\n\t\t\t\t\t\t\t\t\t\t\t<div class=\"block swiper-slide\">\n\t\t\t\t\t\t\t<figure class=\"inner\">\n\t<!-- \t\t<div class=\"star-rating-report\">\n            <span class=\"star\" data-value=\"1\"><\/span>\n            <span class=\"star\" data-value=\"2\"><\/span>\n            <span class=\"star\" data-value=\"3\"><\/span>\n            <span class=\"star\" data-value=\"4\"><\/span>\n            <span class=\"star\" data-value=\"5\"><\/span>\n        <\/div> -->\n\t\t\t\t\t\t\t\t\t\t\t\t\t\t\t\t\t<blockquote>\n\t\t\t\t\t\t\t\t\t\t<p>The Giki Actions report exceeded all expectations \u2013 brilliantly efficient and relatable to my organization. An invaluable timesaver and huge shortcut in our carbon reduction planning!\u200b\u200b<\/p>\n\t\t\t\t\t\t\t\t\t<\/blockquote>\n\t\t\t\t\t\t\t\t\t\t\t\t\t\t\t\t<figcaption class=\"bottom\">\n\t\t\t\t\t\t\t\t\t\t\t\t\t\t\t\t\t\t<div class=\"text\">\n\t\t\t\t\t\t\t\t\t\t\t\t\t\t\t\t\t\t\t\t\t<h3 class=\"title\">\n\t\t\t\t\t\t\t\t\t\t\t\tNicky Bancroft\t\t\t\t\t\t\t\t\t\t\t<\/h3>\n\t\t\t\t\t\t\t\t\t\t\t\t\t\t\t\t\t\t\t\t\t\t\t\t\t\t\t\t\t\t\t<p>\n\t\t\t\t\t\t\t\t\t\t\t\tPartnership Manager\u200b, Think Active, Non-profit\u200b\t\t\t\t\t\t\t\t\t\t\t<\/p>\n\t\t\t\t\t\t\t\t\t\t\t\t\t\t\t\t\t\t\t<\/div>\n\t\t\t\t\t\t\t\t<\/figcaption>\n\t\t\t\t\t\t\t<\/figure>\n\t\t\t\t\t\t<\/div>\n\t\t\t\t\t\t\t\t\t\t\t<div class=\"block swiper-slide\">\n\t\t\t\t\t\t\t<figure class=\"inner\">\n\t<!-- \t\t<div class=\"star-rating-report\">\n            <span class=\"star\" data-value=\"1\"><\/span>\n            <span class=\"star\" data-value=\"2\"><\/span>\n            <span class=\"star\" data-value=\"3\"><\/span>\n            <span class=\"star\" data-value=\"4\"><\/span>\n            <span class=\"star\" data-value=\"5\"><\/span>\n        <\/div> -->\n\t\t\t\t\t\t\t\t\t\t\t\t\t\t\t\t\t<blockquote>\n\t\t\t\t\t\t\t\t\t\t<p>We\u2019ve been measuring our footprint and working on our net zero plan for 3 years, so the Giki Actions report has been instrumental in providing fresh insights for our decarbonization efforts.\u200b<\/p>\n\t\t\t\t\t\t\t\t\t<\/blockquote>\n\t\t\t\t\t\t\t\t\t\t\t\t\t\t\t\t<figcaption class=\"bottom\">\n\t\t\t\t\t\t\t\t\t\t\t\t\t\t\t\t\t\t<div class=\"text\">\n\t\t\t\t\t\t\t\t\t\t\t\t\t\t\t\t\t\t\t\t\t<h3 class=\"title\">\n\t\t\t\t\t\t\t\t\t\t\t\tHelen Tandy\t\t\t\t\t\t\t\t\t\t\t<\/h3>\n\t\t\t\t\t\t\t\t\t\t\t\t\t\t\t\t\t\t\t\t\t\t\t\t\t\t\t\t\t\t\t<p>\n\t\t\t\t\t\t\t\t\t\t\t\tPartner &amp; Co-Owner\u200b, Castlefield, Financial Services\u200b\u200b\t\t\t\t\t\t\t\t\t\t\t<\/p>\n\t\t\t\t\t\t\t\t\t\t\t\t\t\t\t\t\t\t\t<\/div>\n\t\t\t\t\t\t\t\t<\/figcaption>\n\t\t\t\t\t\t\t<\/figure>\n\t\t\t\t\t\t<\/div>\n\t\t\t\t\t\t\t\t\t\t\t\t\t\t\t<\/div>\n\t\t\t\t\t\t\t <div class=\"inspired-pagination\"><\/div>\t\t\t\n\t\t\t\t<\/div>\n\t\t\t\t\n\t\t\t\t\t<\/div>\n\t<\/div>\n<\/section>\n\n\n\n<section id=\"block-69c669982507e\"  class=\"text-attachment-section content-block transparent white right-side heading-center row pt-full pb-full default\">\n\t<div class=\"container\">\n\t\t<div class=\"content-block\">\n\t\t\t\t\t\t\t\t<div class=\"icon\"><img decoding=\"async\" src=\"https:\/\/smeclimatehub.org\/wp-content\/uploads\/2025\/06\/question.svg\"><\/div>\n\t\t\t\t\t\t\t\t\t\t\t\t\t\t\t<h2 class=\"title-section\">\n\t\t\t\t\tVous avez des questions ?\t\t\t\t<\/h2>\n\t\t\t\t\t\t\t\t\t\t\t\t\t\t\t\t\t\t\t\t\t<div class=\"content\">\n\t\t\t\t<div class=\"text\">\n\t\t\t\t\t\t\t\t\t\t\t\t\t\t\t\t\t\t\t\t\t\t\t<div class=\"acf-innerblocks-container\"><\/div>\t\t\t\t<\/div>\n\n\t\t\t<\/div>\n\t\t\t\t\t\t\t<div class=\"button-wrapper\">\n\t\t\t\t\t\t\t\t\t\t<a class=\"button\" target=\"_self\" href=\"https:\/\/faq.smeclimatehub.org\/hc\/en-us\/sections\/34272639116178-About-the-Climate-Action-Planner\">\n\t\t\t\t\t\tConsultez la FAQ \t\t\t\t\t<\/a>\n\t\t\t\t\t\t\t\t\t\t\t\t\t\t<\/div>\n\t\t\t\t\t<\/div>\n\t<\/div>\n<\/section>\n\n\n<div class=\"stay-updated-block darkBackground \">\n\t<div class=\"container\">\n<div class=\"column\">\n<h2>Restez inform\u00e9<\/h2>\n<p>Inscrivez-vous \u00e0 notre newsletter pour rester inform\u00e9 des derni\u00e8res \u00e9volutions climatiques.<\/p>\n<\/div>\n<div class=\"column\">\n\t<button data-popup-button=\"stay-updated-form\" type=\"button\" class=\"button none\">S&rsquo;abonner<\/button>\n<\/div>\n<\/div>\n\n<\/div>","protected":false},"excerpt":{"rendered":"","protected":false},"author":12279,"featured_media":0,"parent":0,"menu_order":0,"comment_status":"closed","ping_status":"closed","template":"template-full-width.php","meta":{"_acf_changed":true,"inline_featured_image":false,"footnotes":""},"class_list":["post-119838","page","type-page","status-publish","hentry"],"acf":[],"yoast_head":"<title>\u00c9laborer un plan d&#039;action climatique - SME Climate Hub<\/title>\n<meta name=\"robots\" content=\"index, follow, max-snippet:-1, max-image-preview:large, max-video-preview:-1\" \/>\n<link rel=\"canonical\" href=\"https:\/\/smeclimatehub.org\/fr\/elaborer-un-plan-daction-climatique\/\" \/>\n<meta property=\"og:locale\" content=\"fr_FR\" \/>\n<meta property=\"og:type\" content=\"article\" \/>\n<meta property=\"og:title\" content=\"\u00c9laborer un plan d&#039;action climatique - SME Climate Hub\" \/>\n<meta property=\"og:url\" content=\"https:\/\/smeclimatehub.org\/fr\/elaborer-un-plan-daction-climatique\/\" \/>\n<meta property=\"og:site_name\" content=\"SME Climate Hub\" \/>\n<meta property=\"article:modified_time\" content=\"2026-04-17T14:18:27+00:00\" \/>\n<meta property=\"og:image\" content=\"https:\/\/smeclimatehub.org\/wp-content\/uploads\/2024\/08\/Preview_four.png\" \/>\n\t<meta property=\"og:image:width\" content=\"2000\" \/>\n\t<meta property=\"og:image:height\" content=\"1124\" \/>\n\t<meta property=\"og:image:type\" content=\"image\/png\" \/>\n<meta name=\"twitter:card\" content=\"summary_large_image\" \/>\n<meta name=\"twitter:label1\" content=\"Est. reading time\" \/>\n\t<meta name=\"twitter:data1\" content=\"4 minutes\" \/>\n<script type=\"application\/ld+json\" class=\"yoast-schema-graph\">{\"@context\":\"https:\/\/schema.org\",\"@graph\":[{\"@type\":\"WebPage\",\"@id\":\"https:\/\/smeclimatehub.org\/fr\/elaborer-un-plan-daction-climatique\/\",\"url\":\"https:\/\/smeclimatehub.org\/fr\/elaborer-un-plan-daction-climatique\/\",\"name\":\"\u00c9laborer un plan d'action climatique - SME Climate Hub\",\"isPartOf\":{\"@id\":\"https:\/\/businessclimatehub.org\/es\/#website\"},\"datePublished\":\"2026-03-31T08:12:25+00:00\",\"dateModified\":\"2026-04-17T14:18:27+00:00\",\"breadcrumb\":{\"@id\":\"https:\/\/smeclimatehub.org\/fr\/elaborer-un-plan-daction-climatique\/#breadcrumb\"},\"inLanguage\":\"fr-FR\",\"potentialAction\":[{\"@type\":\"ReadAction\",\"target\":[\"https:\/\/smeclimatehub.org\/fr\/elaborer-un-plan-daction-climatique\/\"]}]},{\"@type\":\"BreadcrumbList\",\"@id\":\"https:\/\/smeclimatehub.org\/fr\/elaborer-un-plan-daction-climatique\/#breadcrumb\",\"itemListElement\":[{\"@type\":\"ListItem\",\"position\":1,\"name\":\"Home\",\"item\":\"https:\/\/smeclimatehub.org\/fr\/\"},{\"@type\":\"ListItem\",\"position\":2,\"name\":\"\u00c9laborer un plan d&#8217;action climatique\"}]},{\"@type\":\"WebSite\",\"@id\":\"https:\/\/businessclimatehub.org\/es\/#website\",\"url\":\"https:\/\/businessclimatehub.org\/es\/\",\"name\":\"SME Climate hub\",\"description\":\"\",\"publisher\":{\"@id\":\"https:\/\/businessclimatehub.org\/es\/#organization\"},\"potentialAction\":[{\"@type\":\"SearchAction\",\"target\":{\"@type\":\"EntryPoint\",\"urlTemplate\":\"https:\/\/businessclimatehub.org\/es\/?s={search_term_string}\"},\"query-input\":{\"@type\":\"PropertyValueSpecification\",\"valueRequired\":true,\"valueName\":\"search_term_string\"}}],\"inLanguage\":\"fr-FR\"},{\"@type\":\"Organization\",\"@id\":\"https:\/\/businessclimatehub.org\/es\/#organization\",\"name\":\"SME Climate hub\",\"url\":\"https:\/\/businessclimatehub.org\/es\/\",\"logo\":{\"@type\":\"ImageObject\",\"inLanguage\":\"fr-FR\",\"@id\":\"https:\/\/businessclimatehub.org\/es\/#\/schema\/logo\/image\/\",\"url\":\"https:\/\/smeclimatehub.org\/wp-content\/uploads\/2025\/03\/smeLogo-1.png\",\"contentUrl\":\"https:\/\/smeclimatehub.org\/wp-content\/uploads\/2025\/03\/smeLogo-1.png\",\"width\":465,\"height\":245,\"caption\":\"SME Climate hub\"},\"image\":{\"@id\":\"https:\/\/businessclimatehub.org\/es\/#\/schema\/logo\/image\/\"}}]}<\/script>","yoast_head_json":{"title":"\u00c9laborer un plan d'action climatique - SME Climate Hub","robots":{"index":"index","follow":"follow","max-snippet":"max-snippet:-1","max-image-preview":"max-image-preview:large","max-video-preview":"max-video-preview:-1"},"canonical":"https:\/\/smeclimatehub.org\/fr\/elaborer-un-plan-daction-climatique\/","og_locale":"fr_FR","og_type":"article","og_title":"\u00c9laborer un plan d'action climatique - SME Climate Hub","og_url":"https:\/\/smeclimatehub.org\/fr\/elaborer-un-plan-daction-climatique\/","og_site_name":"SME Climate Hub","article_modified_time":"2026-04-17T14:18:27+00:00","og_image":[{"width":2000,"height":1124,"url":"https:\/\/smeclimatehub.org\/wp-content\/uploads\/2024\/08\/Preview_four.png","type":"image\/png"}],"twitter_card":"summary_large_image","twitter_misc":{"Est. reading time":"4 minutes"},"schema":{"@context":"https:\/\/schema.org","@graph":[{"@type":"WebPage","@id":"https:\/\/smeclimatehub.org\/fr\/elaborer-un-plan-daction-climatique\/","url":"https:\/\/smeclimatehub.org\/fr\/elaborer-un-plan-daction-climatique\/","name":"\u00c9laborer un plan d'action climatique - SME Climate Hub","isPartOf":{"@id":"https:\/\/businessclimatehub.org\/es\/#website"},"datePublished":"2026-03-31T08:12:25+00:00","dateModified":"2026-04-17T14:18:27+00:00","breadcrumb":{"@id":"https:\/\/smeclimatehub.org\/fr\/elaborer-un-plan-daction-climatique\/#breadcrumb"},"inLanguage":"fr-FR","potentialAction":[{"@type":"ReadAction","target":["https:\/\/smeclimatehub.org\/fr\/elaborer-un-plan-daction-climatique\/"]}]},{"@type":"BreadcrumbList","@id":"https:\/\/smeclimatehub.org\/fr\/elaborer-un-plan-daction-climatique\/#breadcrumb","itemListElement":[{"@type":"ListItem","position":1,"name":"Home","item":"https:\/\/smeclimatehub.org\/fr\/"},{"@type":"ListItem","position":2,"name":"\u00c9laborer un plan d&#8217;action climatique"}]},{"@type":"WebSite","@id":"https:\/\/businessclimatehub.org\/es\/#website","url":"https:\/\/businessclimatehub.org\/es\/","name":"SME Climate hub","description":"","publisher":{"@id":"https:\/\/businessclimatehub.org\/es\/#organization"},"potentialAction":[{"@type":"SearchAction","target":{"@type":"EntryPoint","urlTemplate":"https:\/\/businessclimatehub.org\/es\/?s={search_term_string}"},"query-input":{"@type":"PropertyValueSpecification","valueRequired":true,"valueName":"search_term_string"}}],"inLanguage":"fr-FR"},{"@type":"Organization","@id":"https:\/\/businessclimatehub.org\/es\/#organization","name":"SME Climate hub","url":"https:\/\/businessclimatehub.org\/es\/","logo":{"@type":"ImageObject","inLanguage":"fr-FR","@id":"https:\/\/businessclimatehub.org\/es\/#\/schema\/logo\/image\/","url":"https:\/\/smeclimatehub.org\/wp-content\/uploads\/2025\/03\/smeLogo-1.png","contentUrl":"https:\/\/smeclimatehub.org\/wp-content\/uploads\/2025\/03\/smeLogo-1.png","width":465,"height":245,"caption":"SME Climate hub"},"image":{"@id":"https:\/\/businessclimatehub.org\/es\/#\/schema\/logo\/image\/"}}]}},"_links":{"self":[{"href":"https:\/\/smeclimatehub.org\/fr\/wp-json\/wp\/v2\/pages\/119838","targetHints":{"allow":["GET"]}}],"collection":[{"href":"https:\/\/smeclimatehub.org\/fr\/wp-json\/wp\/v2\/pages"}],"about":[{"href":"https:\/\/smeclimatehub.org\/fr\/wp-json\/wp\/v2\/types\/page"}],"author":[{"embeddable":true,"href":"https:\/\/smeclimatehub.org\/fr\/wp-json\/wp\/v2\/users\/12279"}],"replies":[{"embeddable":true,"href":"https:\/\/smeclimatehub.org\/fr\/wp-json\/wp\/v2\/comments?post=119838"}],"version-history":[{"count":0,"href":"https:\/\/smeclimatehub.org\/fr\/wp-json\/wp\/v2\/pages\/119838\/revisions"}],"wp:attachment":[{"href":"https:\/\/smeclimatehub.org\/fr\/wp-json\/wp\/v2\/media?parent=119838"}],"curies":[{"name":"wp","href":"https:\/\/api.w.org\/{rel}","templated":true}]}}